{"id":2221,"date":"2018-10-18T00:10:29","date_gmt":"2018-10-17T22:10:29","guid":{"rendered":"https:\/\/intimind.es\/?page_id=2221"},"modified":"2018-11-21T13:54:02","modified_gmt":"2018-11-21T12:54:02","slug":"prensa-mindfulness-en-espanol","status":"publish","type":"page","link":"https:\/\/intimind.es\/home\/prensa-mindfulness-en-espanol\/","title":{"rendered":"Prensa e intimind, mindfulness en espa\u00f1ol"},"content":{"rendered":"<p>[vc_row bg_type=\u00bbimage\u00bb parallax_style=\u00bbvcpb-default\u00bb bg_image_new=\u00bbid^1731|url^http:\/\/ceipelcrist.org\/wp-content\/uploads\/2018\/10\/fonfo-bubble-linea-3.png|caption^null|alt^null|title^fonfo-bubble-linea-3|description^null\u00bb bg_image_repeat=\u00bbno-repeat\u00bb bg_override=\u00bbfull\u00bb css=\u00bb.vc_custom_1539695049043{background-image: url(https:\/\/intimind.es\/wp-content\/uploads\/2018\/10\/fonfo-bubble-linea-2-1024&#215;539.jpg?id=2140) !important;}\u00bb][vc_column][vc_empty_space height=\u00bb52px\u00bb][vc_custom_heading text=\u00bbPrensa\u00bb font_container=\u00bbtag:h2|font_size:60|text_align:center|color:%23465760&#8243; use_theme_fonts=\u00bbyes\u00bb][vc_single_image image=\u00bb2147&#8243; img_size=\u00bbfull\u00bb alignment=\u00bbcenter\u00bb][vc_empty_space][vc_btn title=\u00bbDESCARGA LA APP\u00bb style=\u00bbflat\u00bb color=\u00bbwarning\u00bb size=\u00bblg\u00bb align=\u00bbcenter\u00bb link=\u00bburl:http%3A%2F%2Fonelink.to%2F5s2ngs||target:%20_blank|\u00bb el_class=\u00bbroboto\u00bb][vc_empty_space height=\u00bb52px\u00bb][\/vc_column][\/vc_row][vc_row bg_type=\u00bbbg_color\u00bb bg_override=\u00bbfull\u00bb bg_color_value=\u00bb#78909c\u00bb css=\u00bb.vc_custom_1539812277375{padding-top: 100px !important;padding-bottom: 100px !important;background-color: #ef8036 !important;}\u00bb][vc_column width=\u00bb1\/6&#8243;][\/vc_column][vc_column width=\u00bb2\/3&#8243;][vc_custom_heading text=\u00bbKit de prensa descargable\u00bb font_container=\u00bbtag:h1|font_size:50|text_align:center|color:%23ffffff|line_height:2&#8243; use_theme_fonts=\u00bbyes\u00bb css=\u00bb.vc_custom_1539811898375{margin-top: 0px !important;}\u00bb][vc_single_image image=\u00bb2224&#8243; img_size=\u00bbfull\u00bb alignment=\u00bbcenter\u00bb][vc_empty_space][vc_btn title=\u00bbDESCARGA EL KIT DE PRENSA\u00bb style=\u00bbflat\u00bb size=\u00bblg\u00bb align=\u00bbcenter\u00bb link=\u00bburl:http%3A%2F%2Fintimind.es%2Fwp-content%2Fuploads%2F2018%2F10%2F00-intimind-dossier-de-prensa-web-2018.pdf||target:%20_blank|\u00bb el_class=\u00bbroboto\u00bb][\/vc_column][vc_column width=\u00bb1\/6&#8243;][\/vc_column][\/vc_row][vc_row css=\u00bb.vc_custom_1539812305309{padding-top: 100px !important;}\u00bb][vc_column][vc_custom_heading text=\u00bbPresencia en los medios de la APP intimind\u00bb font_container=\u00bbtag:h2|font_size:40|text_align:center|color:%23f9b53a\u00bb use_theme_fonts=\u00bbyes\u00bb][vc_empty_space height=\u00bb42px\u00bb][\/vc_column][\/vc_row][vc_row gap=\u00bb20&#8243; equal_height=\u00bbyes\u00bb][vc_column width=\u00bb1\/4&#8243; css=\u00bb.vc_custom_1539812959657{background-position: center !important;background-repeat: no-repeat !important;background-size: cover !important;border-radius: 1px !important;}\u00bb][\/vc_column][vc_column width=\u00bb1\/4&#8243; css=\u00bb.vc_custom_1541368022089{background-position: center !important;background-repeat: no-repeat !important;background-size: cover !important;}\u00bb][vc_hoverbox image=\u00bb2448&#8243; primary_title=\u00bb\u00bb hover_title=\u00bbEl Pa\u00eds\u00bb hover_title_font_container=\u00bbcolor:%23465760&#8243; hover_title_use_theme_fonts=\u00bbyes\u00bb shape=\u00bbsquare\u00bb hover_background_color=\u00bbwhite\u00bb use_custom_fonts_hover_title=\u00bbtrue\u00bb]<\/p>\n<div class=\"content-area\">\n<header class=\"entry-header\">\n<h4 class=\"entry-title\"><span style=\"color: #465760;\">Las 10 mejores apps para meditar y desconectar est\u00e9s donde est\u00e9s<\/span><\/h4>\n<\/header>\n<\/div>\n<p><span style=\"color: #465760; font-family: Roboto, sans-serif; font-size: medium; font-style: normal; font-variant-ligatures: normal; font-variant-caps: normal; font-weight: 400; letter-spacing: normal; text-align: justify; text-indent: 0px; text-transform: none; white-space: normal; word-spacing: 0px; -webkit-text-stroke-width: 0px; display: inline !important; float: none;\">Produce endorfinas y disminuye la presi\u00f3n arterial. Uno de sus te\u00f3ricos enemigos, la tecnolog\u00eda que nos impide desconectar, puede ser su mejor su aliado<\/span><\/p>\n<p>[\/vc_hoverbox][vc_column_text el_class=\u00bbroboto\u00bb css=\u00bb.vc_custom_1541886085858{border-top-width: 1px !important;border-right-width: 1px !important;border-bottom-width: 1px !important;border-left-width: 1px !important;padding-top: 20px !important;padding-right: 20px !important;padding-bottom: 20px !important;padding-left: 20px !important;border-left-color: #f9b53a !important;border-left-style: solid !important;border-right-color: #f9b53a !important;border-right-style: solid !important;border-top-color: #f9b53a !important;border-top-style: solid !important;border-bottom-color: #f9b53a !important;border-bottom-style: solid !important;}\u00bb]<\/p>\n<h2 style=\"text-align: center;\"><span style=\"color: #465760;\"><a style=\"color: #465760;\" href=\"https:\/\/smoda.elpais.com\/belleza\/sin-vacaciones-10-apps-para-meditar-y-desconectar-estes-donde-estes\/\">El Pa\u00eds: <\/a><\/span><\/h2>\n<h4 style=\"text-align: center;\"><span style=\"color: #465760;\"><a style=\"color: #465760;\" href=\"https:\/\/smoda.elpais.com\/belleza\/sin-vacaciones-10-apps-para-meditar-y-desconectar-estes-donde-estes\/\">\u00abLas 10 mejores apps para meditar y desconectar est\u00e9s donde est\u00e9s\u00bb<\/a><\/span><\/h4>\n<p>[\/vc_column_text][\/vc_column][vc_column width=\u00bb1\/4&#8243; css=\u00bb.vc_custom_1541370710847{border-radius: 5px !important;}\u00bb][vc_hoverbox image=\u00bb2451&#8243; primary_title=\u00bb\u00bb hover_title=\u00bbRTVE\u00bb hover_title_font_container=\u00bbcolor:%23465760&#8243; hover_title_use_theme_fonts=\u00bbyes\u00bb shape=\u00bbsquare\u00bb hover_background_color=\u00bbwhite\u00bb use_custom_fonts_hover_title=\u00bbtrue\u00bb]<\/p>\n<div class=\"content-area\">\n<header class=\"entry-header\">\n<h4 class=\"entry-title\"><span style=\"color: #465760;\">Programa \u00abEMPRENDE\u00bb, de RTVE<\/span><\/h4>\n<h4 class=\"entry-title\"><span style=\"color: #465760; font-family: Roboto, sans-serif; font-size: medium; font-style: normal; font-variant-ligatures: normal; font-variant-caps: normal; font-weight: 400; letter-spacing: normal; text-align: justify; text-indent: 0px; text-transform: none; white-space: normal; word-spacing: 0px; -webkit-text-stroke-width: 0px; display: inline !important; float: none;\"><span style=\"color: #465760;\">Con nosotros Inma Juan, CEO y fundadora de Intimind, una aplicaci\u00f3n que facilita la pr\u00e1ctica de mindfulness en cualquier momento y lugar. Mindfulness es una forma de meditaci\u00f3n que permite entrenar la paz y el equilibro mental<\/span>.<\/span><\/h4>\n<\/header>\n<\/div>\n<p>[\/vc_hoverbox][vc_column_text el_class=\u00bbroboto\u00bb css=\u00bb.vc_custom_1541886111780{border-top-width: 1px !important;border-right-width: 1px !important;border-bottom-width: 1px !important;border-left-width: 1px !important;padding-top: 20px !important;padding-right: 20px !important;padding-bottom: 20px !important;padding-left: 20px !important;border-left-color: #f9b53a !important;border-left-style: solid !important;border-right-color: #f9b53a !important;border-right-style: solid !important;border-top-color: #f9b53a !important;border-top-style: solid !important;border-bottom-color: #f9b53a !important;border-bottom-style: solid !important;}\u00bb]<\/p>\n<h2 style=\"text-align: center;\"><span style=\"color: #465760;\"><a style=\"color: #465760;\" href=\"http:\/\/www.rtve.es\/alacarta\/videos\/emprende\/emprende-25-02-18\/4492802\/\">RTVE:<\/a><\/span><\/h2>\n<h4 style=\"text-align: center;\"><span style=\"color: #465760;\"><a style=\"color: #465760;\" href=\"http:\/\/www.rtve.es\/alacarta\/videos\/emprende\/emprende-25-02-18\/4492802\/\">Programa \u00abEMPRENDE\u00bb de RTVE<\/a><br \/>\n<\/span><\/h4>\n<p>[\/vc_column_text][\/vc_column][vc_column width=\u00bb1\/4&#8243;][\/vc_column][\/vc_row][vc_row gap=\u00bb20&#8243; equal_height=\u00bbyes\u00bb css=\u00bb.vc_custom_1482332206790{margin-top: 20px !important;}\u00bb][vc_column width=\u00bb1\/4&#8243;][\/vc_column][vc_column width=\u00bb1\/4&#8243;][vc_hoverbox image=\u00bb2453&#8243; primary_title=\u00bb\u00bb hover_title=\u00bbRadio Nacional de Espa\u00f1a\u00bb hover_title_font_container=\u00bbcolor:%23465760&#8243; hover_title_use_theme_fonts=\u00bbyes\u00bb shape=\u00bbsquare\u00bb hover_background_color=\u00bbwhite\u00bb use_custom_fonts_hover_title=\u00bbtrue\u00bb]<\/p>\n<div class=\"content-area\">\n<header class=\"entry-header\">\n<h4 class=\"entry-title\"><span style=\"color: #465760;\">Programa \u00abSin Fronteras\u00bb<\/span><\/h4>\n<\/header>\n<\/div>\n<div class=\"wpb_text_column wpb_content_element vc_custom_1539815665198 roboto\">\n<div class=\"wpb_wrapper\">\n<p><span style=\"color: #465760;\">El Mindfulness ofrece herramientas para recargar energ\u00eda durante las vacaciones para afrontar septiembre con ganas. <\/span><span style=\"color: #465760;\">Programa presentado por Pura G\u00f3mez Rom\u00e1n.<\/span><\/div>\n<\/div>\n<p>[\/vc_hoverbox][vc_column_text el_class=\u00bbroboto\u00bb css=\u00bb.vc_custom_1541942919691{border-top-width: 1px !important;border-right-width: 1px !important;border-bottom-width: 1px !important;border-left-width: 1px !important;padding-top: 20px !important;padding-right: 20px !important;padding-bottom: 20px !important;padding-left: 20px !important;border-left-color: #f9b53a !important;border-left-style: solid !important;border-right-color: #f9b53a !important;border-right-style: solid !important;border-top-color: #f9b53a !important;border-top-style: solid !important;border-bottom-color: #f9b53a !important;border-bottom-style: solid !important;}\u00bb]<\/p>\n<h2 style=\"text-align: center;\"><span style=\"color: #465760;\"><a href=\"http:\/\/www.rtve.es\/alacarta\/audios\/sin-fronteras\/mindfulness-durante-verano\/4709943\/\">Radio Nacional de Espa\u00f1a<\/a>: <\/span><\/h2>\n<h4 style=\"text-align: center;\"><span style=\"color: #465760;\"><a style=\"color: #465760;\" href=\"http:\/\/www.rtve.es\/alacarta\/audios\/sin-fronteras\/mindfulness-durante-verano\/4709943\/\">\u00abMindfulness para desconectar en verano\u00bb<\/a><\/span><\/h4>\n<p>[\/vc_column_text][\/vc_column][vc_column width=\u00bb1\/4&#8243;][vc_hoverbox image=\u00bb2455&#8243; primary_title=\u00bb\u00bb primary_title_font_container=\u00bbfont_size:40|color:%23465760&#8243; hover_title=\u00bbMarca\u00bb hover_title_font_container=\u00bbcolor:%23465760&#8243; hover_title_use_theme_fonts=\u00bbyes\u00bb shape=\u00bbsquare\u00bb hover_background_color=\u00bbwhite\u00bb use_custom_fonts_primary_title=\u00bbtrue\u00bb use_custom_fonts_hover_title=\u00bbtrue\u00bb]<\/p>\n<div class=\"content-area\">\n<header class=\"entry-header\">\n<h4 class=\"entry-title\"><span style=\"color: #465760; font-family: Roboto, sans-serif; font-size: medium; font-style: normal; font-variant-ligatures: normal; font-variant-caps: normal; font-weight: 400; letter-spacing: normal; text-align: justify; text-indent: 0px; text-transform: none; white-space: normal; word-spacing: 0px; -webkit-text-stroke-width: 0px; display: inline !important; float: none;\"><span style=\"color: #456760;\">Cada vez es m\u00e1s conocida la relaci\u00f3n entre la pr\u00e1ctica de <strong>mindfulness y el bienestar<\/strong>. Pero quiz\u00e1s lo que no se conoce tanto es que el equilibrio emocional que aporta la pr\u00e1ctica de la meditaci\u00f3n tambi\u00e9n puede <strong>contribuir a mejorar nuestra manera de comer y por tanto controlar nuestro peso<\/strong>.<\/span><\/span><\/h4>\n<\/header>\n<\/div>\n<p>[\/vc_hoverbox][vc_column_text el_class=\u00bbroboto\u00bb css=\u00bb.vc_custom_1541886147466{border-top-width: 1px !important;border-right-width: 1px !important;border-bottom-width: 1px !important;border-left-width: 1px !important;padding-top: 20px !important;padding-right: 20px !important;padding-bottom: 20px !important;padding-left: 20px !important;border-left-color: #f9b53a !important;border-left-style: solid !important;border-right-color: #f9b53a !important;border-right-style: solid !important;border-top-color: #f9b53a !important;border-top-style: solid !important;border-bottom-color: #f9b53a !important;border-bottom-style: solid !important;}\u00bb]<\/p>\n<h2 style=\"text-align: center;\"><a href=\"http:\/\/www.rtve.es\/alacarta\/videos\/emprende\/emprende-25-02-18\/4492802\/\"><span style=\"color: #465760;\">Marca:<\/span><\/a><\/h2>\n<h4 style=\"text-align: center;\"><a href=\"https:\/\/www.marca.com\/tiramillas\/gastronomia\/2018\/09\/03\/5b8d426de2704e05768b4622.html\"><span style=\"color: #465760;\">\u00abLa <\/span><span style=\"color: #465760;\">meditaci\u00f3n, pautas para mejorar la manera de comer y controlar nuestro peso\u00bb<\/span><\/a><\/h4>\n<p>[\/vc_column_text][\/vc_column][vc_column width=\u00bb1\/4&#8243;][\/vc_column][\/vc_row][vc_row gap=\u00bb20&#8243; equal_height=\u00bbyes\u00bb css=\u00bb.vc_custom_1482332206790{margin-top: 20px !important;}\u00bb][vc_column width=\u00bb1\/4&#8243;][\/vc_column][vc_column width=\u00bb1\/4&#8243;][vc_hoverbox image=\u00bb2461&#8243; primary_title=\u00bb\u00bb hover_title=\u00bbRevista Psicolog\u00eda y Mente\u00bb hover_title_font_container=\u00bbcolor:%23465760&#8243; hover_title_use_theme_fonts=\u00bbyes\u00bb shape=\u00bbsquare\u00bb hover_background_color=\u00bbwhite\u00bb use_custom_fonts_hover_title=\u00bbtrue\u00bb]<\/p>\n<div class=\"content-area\">\n<header class=\"entry-header\">\n<h4 class=\"entry-title\"><span style=\"color: #465760;\">\u00abLas 10 mejores APPs de Mindfulness para mejorar tu bienestar\u00bb<\/span><\/h4>\n<p>&nbsp;<\/p>\n<\/header>\n<\/div>\n<div class=\"wpb_text_column wpb_content_element vc_custom_1539815665198 roboto\">\n<div class=\"wpb_wrapper\"><span style=\"color: #465760;\">En los \u00faltimos a\u00f1os han aparecido diferentes aplicaciones que ayudan a practicar este m\u00e9todo milenario.\u00a0A continuaci\u00f3n puedes encontrar una recopilaci\u00f3n con las 10 mejores apps de Mindfulness.<\/span><\/div>\n<\/div>\n<p>[\/vc_hoverbox][vc_column_text el_class=\u00bbroboto\u00bb css=\u00bb.vc_custom_1541942950890{border-top-width: 1px !important;border-right-width: 1px !important;border-bottom-width: 1px !important;border-left-width: 1px !important;padding-top: 20px !important;padding-right: 20px !important;padding-bottom: 20px !important;padding-left: 20px !important;border-left-color: #f9b53a !important;border-left-style: solid !important;border-right-color: #f9b53a !important;border-right-style: solid !important;border-top-color: #f9b53a !important;border-top-style: solid !important;border-bottom-color: #f9b53a !important;border-bottom-style: solid !important;}\u00bb]<\/p>\n<h2 style=\"text-align: center;\"><span style=\"color: #465760;\"><a href=\"https:\/\/psicologiaymente.com\/meditacion\/apps-mindfulness\">Revista Psicolog\u00eda y Mente<\/a>: <\/span><\/h2>\n<h4 style=\"text-align: center;\"><span style=\"color: #465760;\"><a style=\"color: #465760;\" href=\"https:\/\/psicologiaymente.com\/meditacion\/apps-mindfulness\">\u00abLas 10 mejores APPs de Mindfulness para mejorar tu bienestar\u00bb<\/a><\/span><\/h4>\n<p>[\/vc_column_text][\/vc_column][vc_column width=\u00bb1\/4&#8243;][vc_hoverbox image=\u00bb2462&#8243; primary_title=\u00bb\u00bb primary_title_font_container=\u00bbfont_size:40|color:%23465760&#8243; hover_title=\u00bbValencia Plaza\u00bb hover_title_font_container=\u00bbcolor:%23465760&#8243; hover_title_use_theme_fonts=\u00bbyes\u00bb shape=\u00bbsquare\u00bb hover_background_color=\u00bbwhite\u00bb use_custom_fonts_primary_title=\u00bbtrue\u00bb use_custom_fonts_hover_title=\u00bbtrue\u00bb]<\/p>\n<div class=\"content-area\">\n<header class=\"entry-header\">\n<h4 class=\"entry-title\"><span style=\"color: #465760; font-family: Roboto, sans-serif; font-size: medium; font-style: normal; font-variant-ligatures: normal; font-variant-caps: normal; font-weight: 400; letter-spacing: normal; text-align: justify; text-indent: 0px; text-transform: none; white-space: normal; word-spacing: 0px; -webkit-text-stroke-width: 0px; display: inline !important; float: none;\"><span style=\"color: #456760;\">Entrenar la paz, el equilibrio, y la calma con el tele\u0301fono mo\u0301vil es posible. Adema\u0301s de llevar dentro tu vida entera, ahora lo puedes utilizar para conectarte con tu yo ma\u0301s i\u0301ntimo, el que no sale en las fotos, y para tener un momento de calma, so\u0301lo para ti.<\/span><\/span><\/h4>\n<\/header>\n<\/div>\n<p>[\/vc_hoverbox][vc_column_text el_class=\u00bbroboto\u00bb css=\u00bb.vc_custom_1541886812477{border-top-width: 1px !important;border-right-width: 1px !important;border-bottom-width: 1px !important;border-left-width: 1px !important;padding-top: 20px !important;padding-right: 20px !important;padding-bottom: 20px !important;padding-left: 20px !important;border-left-color: #f9b53a !important;border-left-style: solid !important;border-right-color: #f9b53a !important;border-right-style: solid !important;border-top-color: #f9b53a !important;border-top-style: solid !important;border-bottom-color: #f9b53a !important;border-bottom-style: solid !important;}\u00bb]<\/p>\n<h2 style=\"text-align: center;\"><a href=\"https:\/\/valenciaplaza.com\/intimind-una-app-para-la-paz-mental\"><span style=\"color: #465760;\">Valencia Plaza:<\/span><\/a><\/h2>\n<h4 style=\"text-align: center;\"><a href=\"https:\/\/valenciaplaza.com\/intimind-una-app-para-la-paz-mental\"><span style=\"color: #465760;\">\u00ab<\/span><span style=\"color: #465760;\">Intimind: una &#8216;app&#8217; valenciana para la paz mental \u00ab<\/span><\/a><\/h4>\n<p>[\/vc_column_text][\/vc_column][vc_column width=\u00bb1\/4&#8243;][\/vc_column][\/vc_row][vc_row gap=\u00bb20&#8243; equal_height=\u00bbyes\u00bb css=\u00bb.vc_custom_1482332206790{margin-top: 20px !important;}\u00bb][vc_column width=\u00bb1\/4&#8243;][\/vc_column][vc_column width=\u00bb1\/4&#8243;][vc_hoverbox image=\u00bb2464&#8243; primary_title=\u00bb\u00bb hover_title=\u00bbLevante el Mercantil Valenciano\u00bb hover_title_font_container=\u00bbcolor:%23465760&#8243; hover_title_use_theme_fonts=\u00bbyes\u00bb shape=\u00bbsquare\u00bb hover_background_color=\u00bbwhite\u00bb use_custom_fonts_hover_title=\u00bbtrue\u00bb]<\/p>\n<div class=\"content-area\">\n<header class=\"entry-header\">\n<h4 class=\"entry-title\"><span style=\"color: #465760;\">\u00abEl t\u00e1ndem de la meditaci\u00f3n y la tecnolog\u00eda m\u00f3vil\u00bb<\/span><\/h4>\n<p>&nbsp;<\/p>\n<\/header>\n<\/div>\n<div class=\"wpb_text_column wpb_content_element vc_custom_1539815665198 roboto\">\n<div class=\"wpb_wrapper\"><span style=\"color: #465760;\">El concepto de meditaci\u00f3n est\u00e1 cambiando\u00bb y la prueba est\u00e1 en la tecnolog\u00eda. Intimind es una App para meditar y para hacerlo en cualquier lugar a cualquier hora del d\u00eda. Inma Juan es la directora ejecutiva (CEO) de esta iniciativa valenciana.<\/span><\/div>\n<\/div>\n<p>[\/vc_hoverbox][vc_column_text el_class=\u00bbroboto\u00bb css=\u00bb.vc_custom_1541942974099{border-top-width: 1px !important;border-right-width: 1px !important;border-bottom-width: 1px !important;border-left-width: 1px !important;padding-top: 20px !important;padding-right: 20px !important;padding-bottom: 20px !important;padding-left: 20px !important;border-left-color: #f9b53a !important;border-left-style: solid !important;border-right-color: #f9b53a !important;border-right-style: solid !important;border-top-color: #f9b53a !important;border-top-style: solid !important;border-bottom-color: #f9b53a !important;border-bottom-style: solid !important;}\u00bb]<\/p>\n<h2 style=\"text-align: center;\"><span style=\"color: #465760;\"><a href=\"https:\/\/www.levante-emv.com\/cultura\/2017\/08\/02\/tandem-meditacion-tecnologia-movil\/1600312.html\">Levante el Mercantil Valenciano<\/a>: <\/span><\/h2>\n<h4 style=\"text-align: center;\"><span style=\"color: #465760;\"><a style=\"color: #465760;\" href=\"https:\/\/www.levante-emv.com\/cultura\/2017\/08\/02\/tandem-meditacion-tecnologia-movil\/1600312.html\">\u00abEl t\u00e1ndem de la meditaci\u00f3n y la tecnolog\u00eda m\u00f3vil\u00bb<\/a><\/span><\/h4>\n<p>[\/vc_column_text][\/vc_column][vc_column width=\u00bb1\/4&#8243;][vc_hoverbox image=\u00bb2465&#8243; primary_title=\u00bb\u00bb primary_title_font_container=\u00bbfont_size:40|color:%23465760&#8243; hover_title=\u00bbMuypymes\u00bb hover_title_font_container=\u00bbcolor:%23465760&#8243; hover_title_use_theme_fonts=\u00bbyes\u00bb shape=\u00bbsquare\u00bb hover_background_color=\u00bbwhite\u00bb use_custom_fonts_primary_title=\u00bbtrue\u00bb use_custom_fonts_hover_title=\u00bbtrue\u00bb]<\/p>\n<div class=\"content-area\">\n<header class=\"entry-header\">\n<h4 class=\"entry-title\"><span style=\"color: #465760; font-family: Roboto, sans-serif; font-size: medium; font-style: normal; font-variant-ligatures: normal; font-variant-caps: normal; font-weight: 400; letter-spacing: normal; text-align: justify; text-indent: 0px; text-transform: none; white-space: normal; word-spacing: 0px; -webkit-text-stroke-width: 0px; display: inline !important; float: none;\"><span style=\"color: #456760;\">Produce endorfinas y disminuye la presi\u00f3n arterial.Uno de sus te\u00f3ricos enemigos, la tecnolog\u00eda que nos impide desconectar, puede ser su mejor su aliado.<\/span><\/span><\/h4>\n<\/header>\n<\/div>\n<p>[\/vc_hoverbox][vc_column_text el_class=\u00bbroboto\u00bb css=\u00bb.vc_custom_1541942770456{border-top-width: 1px !important;border-right-width: 1px !important;border-bottom-width: 1px !important;border-left-width: 1px !important;padding-top: 20px !important;padding-right: 20px !important;padding-bottom: 20px !important;padding-left: 20px !important;border-left-color: #f9b53a !important;border-left-style: solid !important;border-right-color: #f9b53a !important;border-right-style: solid !important;border-top-color: #f9b53a !important;border-top-style: solid !important;border-bottom-color: #f9b53a !important;border-bottom-style: solid !important;}\u00bb]<\/p>\n<h2 style=\"text-align: center;\"><a href=\"https:\/\/www.muypymes.com\/2017\/08\/30\/entrevistamos-inma-juan-fundadora-intimind-queremos-spotify-del-mindfulness\"><span style=\"color: #465760;\">Muypymes<\/span><\/a><\/h2>\n<h4 style=\"text-align: center;\"><a href=\"https:\/\/www.muypymes.com\/2017\/08\/30\/entrevistamos-inma-juan-fundadora-intimind-queremos-spotify-del-mindfulness\"><span style=\"color: #465760;\">\u00ab<\/span><span style=\"color: #465760;\">Entrevistamos a Inma Juan, fundadora de Intimind\u00bb<\/span><\/a><\/h4>\n<p>[\/vc_column_text][\/vc_column][vc_column width=\u00bb1\/4&#8243;][\/vc_column][\/vc_row][vc_row gap=\u00bb20&#8243; equal_height=\u00bbyes\u00bb css=\u00bb.vc_custom_1482332206790{margin-top: 20px !important;}\u00bb][vc_column width=\u00bb1\/4&#8243;][\/vc_column][vc_column width=\u00bb1\/4&#8243;][vc_hoverbox image=\u00bb2467&#8243; primary_title=\u00bb\u00bb hover_title=\u00bbXataca m\u00f3vil\u00bb hover_title_font_container=\u00bbcolor:%23465760&#8243; hover_title_use_theme_fonts=\u00bbyes\u00bb shape=\u00bbsquare\u00bb hover_background_color=\u00bbwhite\u00bb use_custom_fonts_hover_title=\u00bbtrue\u00bb]<\/p>\n<div class=\"content-area\">\n<header class=\"entry-header\">\n<h4 class=\"entry-title\"><span style=\"color: #465760;\">\u00abSiete aplicaciones para iniciarte en Mindfulness para iOS y Android\u00bb<\/span><\/h4>\n<p>&nbsp;<\/p>\n<\/header>\n<\/div>\n<div class=\"wpb_text_column wpb_content_element vc_custom_1539815665198 roboto\">\n<div class=\"wpb_wrapper\"><span style=\"color: #465760;\">Quiz\u00e1s no sepas lo que es, pero has escuchado hablar de ello, seguro. El Mindfulness es una t\u00e9cnica que nos ayuda a enfrentar el estr\u00e9s del d\u00eda a d\u00eda, centr\u00e1ndonos en la atenci\u00f3n plena y en el ahora. <\/span><\/div>\n<\/div>\n<p>[\/vc_hoverbox][vc_column_text el_class=\u00bbroboto\u00bb css=\u00bb.vc_custom_1541942867153{border-top-width: 1px !important;border-right-width: 1px !important;border-bottom-width: 1px !important;border-left-width: 1px !important;padding-top: 20px !important;padding-right: 20px !important;padding-bottom: 20px !important;padding-left: 20px !important;border-left-color: #f9b53a !important;border-left-style: solid !important;border-right-color: #f9b53a !important;border-right-style: solid !important;border-top-color: #f9b53a !important;border-top-style: solid !important;border-bottom-color: #f9b53a !important;border-bottom-style: solid !important;}\u00bb]<\/p>\n<h2 style=\"text-align: center;\"><span style=\"color: #465760;\"><a href=\"https:\/\/www.xatakamovil.com\/aplicaciones\/siete-aplicaciones-para-iniciarte-en-mindfulness-para-ios-y-android\">Xataca M\u00f3vil<\/a>: <\/span><\/h2>\n<h4 style=\"text-align: center;\"><span style=\"color: #465760;\"><a style=\"color: #465760;\" href=\"https:\/\/www.xatakamovil.com\/aplicaciones\/siete-aplicaciones-para-iniciarte-en-mindfulness-para-ios-y-android\">\u00abSiete aplicaciones para iniciarte en Mindfulness para iOS y Android\u00bb<\/a><\/span><\/h4>\n<p>[\/vc_column_text][\/vc_column][vc_column width=\u00bb1\/4&#8243;][vc_hoverbox image=\u00bb2468&#8243; primary_title=\u00bb\u00bb primary_title_font_container=\u00bbfont_size:40|color:%23465760&#8243; hover_title=\u00bbRevista Vit\u00f3nica\u00bb hover_title_font_container=\u00bbcolor:%23465760&#8243; hover_title_use_theme_fonts=\u00bbyes\u00bb shape=\u00bbsquare\u00bb hover_background_color=\u00bbwhite\u00bb use_custom_fonts_primary_title=\u00bbtrue\u00bb use_custom_fonts_hover_title=\u00bbtrue\u00bb]<\/p>\n<div class=\"content-area\">\n<header class=\"entry-header\">\n<h4 class=\"entry-title\"><span style=\"color: #465760; font-family: Roboto, sans-serif; font-size: medium; font-style: normal; font-variant-ligatures: normal; font-variant-caps: normal; font-weight: 400; letter-spacing: normal; text-align: justify; text-indent: 0px; text-transform: none; white-space: normal; word-spacing: 0px; -webkit-text-stroke-width: 0px; display: inline !important; float: none;\"><span style=\"color: #456760;\">Aplicaciones que pueden ayudarte a gestionar mejor los sentimientos de estr\u00e9s y ansiedad que todos experimentamos a veces. En ning\u00fan caso sustituyen la ayuda de un profesional, pero s\u00ed que pueden ser herramientas \u00fatiles para que cuides de ti mismo.<\/span><\/span><\/h4>\n<\/header>\n<\/div>\n<p>[\/vc_hoverbox][vc_column_text el_class=\u00bbroboto\u00bb css=\u00bb.vc_custom_1541942778882{border-top-width: 1px !important;border-right-width: 1px !important;border-bottom-width: 1px !important;border-left-width: 1px !important;padding-top: 20px !important;padding-right: 20px !important;padding-bottom: 20px !important;padding-left: 20px !important;border-left-color: #f9b53a !important;border-left-style: solid !important;border-right-color: #f9b53a !important;border-right-style: solid !important;border-top-color: #f9b53a !important;border-top-style: solid !important;border-bottom-color: #f9b53a !important;border-bottom-style: solid !important;}\u00bb]<\/p>\n<h2 style=\"text-align: center;\"><a href=\"https:\/\/www.vitonica.com\/wellness\/mejores-apps-relajacion-para-luchar-ansiedad-estres\"><span style=\"color: #465760;\">Revista Vit\u00f3nica<\/span><\/a><\/h2>\n<h4 style=\"text-align: center;\"><a href=\"https:\/\/www.vitonica.com\/wellness\/mejores-apps-relajacion-para-luchar-ansiedad-estres\"><span style=\"color: #465760;\">\u00ab<\/span><span style=\"color: #465760;\">Las mejores apps de relajaci\u00f3n para luchar contra la ansiedad y el estr\u00e9s<\/span><\/a>\u00ab<\/h4>\n<p>[\/vc_column_text][\/vc_column][vc_column width=\u00bb1\/4&#8243;][\/vc_column][\/vc_row][vc_row gap=\u00bb20&#8243; equal_height=\u00bbyes\u00bb css=\u00bb.vc_custom_1482332206790{margin-top: 20px !important;}\u00bb][vc_column width=\u00bb1\/4&#8243;][\/vc_column][vc_column width=\u00bb1\/4&#8243;][vc_hoverbox image=\u00bb2470&#8243; primary_title=\u00bb\u00bb hover_title=\u00bbOfficial Press\u00bb hover_title_font_container=\u00bbcolor:%23465760&#8243; hover_title_use_theme_fonts=\u00bbyes\u00bb shape=\u00bbsquare\u00bb hover_background_color=\u00bbwhite\u00bb use_custom_fonts_hover_title=\u00bbtrue\u00bb]<\/p>\n<div class=\"wpb_text_column wpb_content_element vc_custom_1539815665198 roboto\">\n<div class=\"wpb_wrapper\"><span style=\"color: #465760;\">Google Play ha seleccionado la App Intimind entre las mejores de 2017 en sus listas de Am\u00e9rica Latina. Los nominados son las aplicaciones mejores de la tienda que optar\u00e1n a los Google Play Awards. En tan s\u00f3lo cuatro meses la App intimind se ha situado entre las 140 mejor valoradas por Google. <\/span><\/div>\n<\/div>\n<p>[\/vc_hoverbox][vc_column_text el_class=\u00bbroboto\u00bb css=\u00bb.vc_custom_1541943000684{border-top-width: 1px !important;border-right-width: 1px !important;border-bottom-width: 1px !important;border-left-width: 1px !important;padding-top: 20px !important;padding-right: 20px !important;padding-bottom: 20px !important;padding-left: 20px !important;border-left-color: #f9b53a !important;border-left-style: solid !important;border-right-color: #f9b53a !important;border-right-style: solid !important;border-top-color: #f9b53a !important;border-top-style: solid !important;border-bottom-color: #f9b53a !important;border-bottom-style: solid !important;}\u00bb]<\/p>\n<h2 style=\"text-align: center;\"><span style=\"color: #465760;\"><a href=\"http:\/\/officialpress.es\/la-app-intimind-android-las-mejores-2017-segun-google-play\/\">Official Press<\/a>: <\/span><\/h2>\n<h4 style=\"text-align: center;\"><span style=\"color: #465760;\"><a style=\"color: #465760;\" href=\"http:\/\/officialpress.es\/la-app-intimind-android-las-mejores-2017-segun-google-play\/\">\u00abIntimind, la App valenciana que invita a la meditaci\u00f3n, entre las mejores de 2017 seg\u00fan Google Play\u00bb<\/a><\/span><\/h4>\n<p>[\/vc_column_text][\/vc_column][vc_column width=\u00bb1\/4&#8243;][vc_hoverbox image=\u00bb2471&#8243; primary_title=\u00bb\u00bb primary_title_font_container=\u00bbfont_size:40|color:%23465760&#8243; hover_title=\u00bbRevista Emprendedores\u00bb hover_title_font_container=\u00bbcolor:%23465760&#8243; hover_title_use_theme_fonts=\u00bbyes\u00bb shape=\u00bbsquare\u00bb hover_background_color=\u00bbwhite\u00bb use_custom_fonts_primary_title=\u00bbtrue\u00bb use_custom_fonts_hover_title=\u00bbtrue\u00bb]<\/p>\n<div class=\"content-area\">\n<header class=\"entry-header\">\n<h4 class=\"entry-title\"><span style=\"color: #465760; font-family: Roboto, sans-serif; font-size: medium; font-style: normal; font-variant-ligatures: normal; font-variant-caps: normal; font-weight: 400; letter-spacing: normal; text-align: justify; text-indent: 0px; text-transform: none; white-space: normal; word-spacing: 0px; -webkit-text-stroke-width: 0px; display: inline !important; float: none;\"><span style=\"color: #456760;\">El mindfulness es una pr\u00e1ctica de relajaci\u00f3n utilizada cada vez por m\u00e1s emprendedores. Prueba de ello es que la \u00faltima edici\u00f3n de South Summit inclu\u00eda cada ma\u00f1ana una pr\u00e1ctica con el doctor Mario Alonso Puig. Aqu\u00ed 3 de las apps que m\u00e1s usan los emprendedores para reducir el estr\u00e9s.<\/span><\/span><\/h4>\n<\/header>\n<\/div>\n<p>[\/vc_hoverbox][vc_column_text el_class=\u00bbroboto\u00bb css=\u00bb.vc_custom_1541942791752{border-top-width: 1px !important;border-right-width: 1px !important;border-bottom-width: 1px !important;border-left-width: 1px !important;padding-top: 20px !important;padding-right: 20px !important;padding-bottom: 20px !important;padding-left: 20px !important;border-left-color: #f9b53a !important;border-left-style: solid !important;border-right-color: #f9b53a !important;border-right-style: solid !important;border-top-color: #f9b53a !important;border-top-style: solid !important;border-bottom-color: #f9b53a !important;border-bottom-style: solid !important;}\u00bb]<\/p>\n<h2 style=\"text-align: center;\"><a href=\"http:\/\/www.emprendedores.es\/gestion\/apps-mindfulness-emprendedores\"><span style=\"color: #465760;\">Emprendedores<\/span><\/a><\/h2>\n<h4 style=\"text-align: center;\"><a href=\"http:\/\/www.emprendedores.es\/gestion\/apps-mindfulness-emprendedores\"><span style=\"color: #465760;\">\u00ab<\/span><span style=\"color: #465760;\">3 apps de mindfulness que usan los emprendedores\u00bb<\/span><\/a><\/h4>\n<p>[\/vc_column_text][\/vc_column][vc_column width=\u00bb1\/4&#8243;][\/vc_column][\/vc_row][vc_row gap=\u00bb20&#8243; equal_height=\u00bbyes\u00bb css=\u00bb.vc_custom_1482332206790{margin-top: 20px !important;}\u00bb][vc_column width=\u00bb1\/4&#8243;][\/vc_column][vc_column width=\u00bb1\/4&#8243;][vc_hoverbox image=\u00bb2474&#8243; primary_title=\u00bb\u00bb hover_title=\u00bbHorta Sud\u00bb hover_title_font_container=\u00bbcolor:%23465760&#8243; hover_title_use_theme_fonts=\u00bbyes\u00bb shape=\u00bbsquare\u00bb hover_background_color=\u00bbwhite\u00bb use_custom_fonts_hover_title=\u00bbtrue\u00bb]<\/p>\n<div class=\"wpb_text_column wpb_content_element vc_custom_1539815665198 roboto\">\n<div class=\"wpb_wrapper\"><span style=\"color: #465760;\">Despu\u00e9s de la experiencia piloto en el Colegio P\u00fablico de Valencia Les Arts, donde el curso pasado los ni\u00f1os de Educaci\u00f3n Primaria practicaron con el M\u00e9todo Pequeplaneta, esta APP valenciana quiere seguir acercando las pr\u00e1cticas de Mindfulness a los colegios.<\/span><\/div>\n<\/div>\n<p>[\/vc_hoverbox][vc_column_text el_class=\u00bbroboto\u00bb css=\u00bb.vc_custom_1541943029563{border-top-width: 1px !important;border-right-width: 1px !important;border-bottom-width: 1px !important;border-left-width: 1px !important;padding-top: 20px !important;padding-right: 20px !important;padding-bottom: 20px !important;padding-left: 20px !important;border-left-color: #f9b53a !important;border-left-style: solid !important;border-right-color: #f9b53a !important;border-right-style: solid !important;border-top-color: #f9b53a !important;border-top-style: solid !important;border-bottom-color: #f9b53a !important;border-bottom-style: solid !important;}\u00bb]<\/p>\n<h2 style=\"text-align: center;\"><a href=\"http:\/\/hortasud.portaldetuciudad.com\/es-es\/noticias\/la-app-de-mindfulness-intimid-llega-a-los-colegios-de-la-comunidad-valenciana-a-traves-de-su-metodo-de-meditacion-para-ninos-hortasud-006_1_2_653691_240.html\"><span style=\"color: #465760;\">Horta sud: el portal de tu ciudad<\/span><\/a><\/h2>\n<h4 style=\"text-align: center;\"><span style=\"color: #465760;\"><a style=\"color: #465760;\" href=\"http:\/\/hortasud.portaldetuciudad.com\/es-es\/noticias\/la-app-de-mindfulness-intimid-llega-a-los-colegios-de-la-comunidad-valenciana-a-traves-de-su-metodo-de-meditacion-para-ninos-hortasud-006_1_2_653691_240.html\">\u00abLa APP de mindfulness \u201cIntimid\u201d llega a los colegios de la Comunidad Valenciana a trav\u00e9s de su M\u00e9todo de Meditaci\u00f3n para ni\u00f1os\u00bb<\/a><\/span><\/h4>\n<p>[\/vc_column_text][\/vc_column][vc_column width=\u00bb1\/4&#8243;][vc_hoverbox image=\u00bb2476&#8243; primary_title=\u00bb\u00bb primary_title_font_container=\u00bbfont_size:40|color:%23465760&#8243; hover_title=\u00bbEl Peri\u00f3dico de Aqu\u00cd\u00bb hover_title_font_container=\u00bbcolor:%23465760&#8243; hover_title_use_theme_fonts=\u00bbyes\u00bb shape=\u00bbsquare\u00bb hover_background_color=\u00bbwhite\u00bb use_custom_fonts_primary_title=\u00bbtrue\u00bb use_custom_fonts_hover_title=\u00bbtrue\u00bb]<\/p>\n<div class=\"content-area\">\n<header class=\"entry-header\">\n<h4 class=\"entry-title\"><span style=\"color: #465760; font-family: Roboto, sans-serif; font-size: medium; font-style: normal; font-variant-ligatures: normal; font-variant-caps: normal; font-weight: 400; letter-spacing: normal; text-align: justify; text-indent: 0px; text-transform: none; white-space: normal; word-spacing: 0px; -webkit-text-stroke-width: 0px; display: inline !important; float: none;\"><span style=\"color: #456760;\">\u201cExisten estudios que afirman que a trav\u00e9s del Mindfulness los ni\u00f1os pueden sentirse m\u00e1s tranquilos, lidiar mejor con sus emociones, desarrollar su competencia social o su capacidad para concentrarse\u201d, afirma Imma Juan, CEO de la APP intimind.<\/span><\/span><\/h4>\n<\/header>\n<\/div>\n<p>[\/vc_hoverbox][vc_column_text el_class=\u00bbroboto\u00bb css=\u00bb.vc_custom_1541942800921{border-top-width: 1px !important;border-right-width: 1px !important;border-bottom-width: 1px !important;border-left-width: 1px !important;padding-top: 20px !important;padding-right: 20px !important;padding-bottom: 20px !important;padding-left: 20px !important;border-left-color: #f9b53a !important;border-left-style: solid !important;border-right-color: #f9b53a !important;border-right-style: solid !important;border-top-color: #f9b53a !important;border-top-style: solid !important;border-bottom-color: #f9b53a !important;border-bottom-style: solid !important;}\u00bb]<\/p>\n<h2 style=\"text-align: center;\"><a href=\"http:\/\/www.elperiodicodeaqui.com\/epda-noticias\/8-ejercicios-para-empezar-a-practicar-mindfulness-con-los-peques\/163514\"><span style=\"color: #465760;\">El Peri\u00f3dico de aqu\u00ed<\/span><\/a><\/h2>\n<h4 style=\"text-align: center;\"><a href=\"http:\/\/www.elperiodicodeaqui.com\/epda-noticias\/8-ejercicios-para-empezar-a-practicar-mindfulness-con-los-peques\/163514\"><span style=\"color: #465760;\">\u00ab<\/span><span style=\"color: #465760;\">8 ejercicios para empezar a practicar mindfulness con los peques<\/span><\/a>\u00ab<\/h4>\n<p>[\/vc_column_text][\/vc_column][vc_column width=\u00bb1\/4&#8243;][\/vc_column][\/vc_row][vc_row css=\u00bb.vc_custom_1539817013181{padding-top: 100px !important;padding-bottom: 60px !important;background-color: #78909c !important;}\u00bb][vc_column][vc_btn title=\u00bbDESCARGA LA APP\u00bb style=\u00bbflat\u00bb color=\u00bbwarning\u00bb size=\u00bblg\u00bb align=\u00bbcenter\u00bb link=\u00bburl:http%3A%2F%2Fonelink.to%2Fjtphrb||target:%20_blank|\u00bb el_class=\u00bbroboto\u00bb][vc_empty_space height=\u00bb62px\u00bb][vc_custom_heading text=\u00bbSi necesitas una opini\u00f3n mindful,<br \/>\nsomos expertos en mindfulness\u00bb font_container=\u00bbtag:h1|font_size:35|text_align:center|color:%23ffffff|line_height:1%2C5&#8243; use_theme_fonts=\u00bbyes\u00bb css=\u00bb.vc_custom_1539816804649{margin-top: 0px !important;}\u00bb][\/vc_column][\/vc_row][vc_row bg_type=\u00bbimage\u00bb parallax_style=\u00bbvcpb-default\u00bb bg_image_new=\u00bbid^1930|url^http:\/\/ceipelcrist.org\/wp-content\/uploads\/2018\/10\/footer-oficina-3-1.jpg|caption^null|alt^null|title^footer-oficina-3|description^null\u00bb bg_image_repeat=\u00bbno-repeat\u00bb bg_override=\u00bbfull\u00bb css=\u00bb.vc_custom_1539817006059{padding-bottom: 50px !important;background-color: #78909c !important;}\u00bb][vc_column width=\u00bb1\/4&#8243; css=\u00bb.vc_custom_1538689256410{margin-top: 0px !important;}\u00bb][\/vc_column][vc_column width=\u00bb1\/2&#8243;][vc_custom_heading text=\u00bbContacta\u00bb font_container=\u00bbtag:h2|font_size:30|text_align:center|color:%23ffffff|line_height:1%2C5&#8243; google_fonts=\u00bbfont_family:Roboto%3A100%2C100italic%2C300%2C300italic%2Cregular%2Citalic%2C500%2C500italic%2C700%2C700italic%2C900%2C900italic|font_style:500%20bold%20regular%3A500%3Anormal\u00bb css=\u00bb.vc_custom_1539816049950{margin-top: 0px !important;}\u00bb][vc_empty_space][vc_column_text]<form id=\"solicita_informacion\"><div id=\"mensaje_solicitud\"><\/div><input name=\"nombre\" type=\"text\" placeholder=\"Nombre\"><input name=\"email\" type=\"text\" placeholder=\"Email\"><textarea name=\"consulta\" placeholder=\"Consulta\"><\/textarea><input type=\"checkbox\" name=\"acepto\"> He le\u00eddo y acepto la <a href=\"https:\/\/intimind.es\/home\/politica-de-privacidad\/\" target=\"_blank\">pol\u00edtica de privacidad<\/a>.<br><input type=\"checkbox\" name=\"aceptos\"> Doy mi consentimiento a intimind para el env\u00edo de su newsletter, novedades comerciales y\/o nuevas promociones de sus servicios.<p id=\"boton_enviar\"><input type=\"submit\" value=\"Enviar\"><\/p><\/form>[\/vc_column_text][\/vc_column][vc_column width=\u00bb1\/4&#8243;][\/vc_column][\/vc_row][vc_row css=\u00bb.vc_custom_1541890689385{margin-bottom: -50px !important;}\u00bb][vc_column][rev_slider_vc alias=\u00bbportal-sanitario\u00bb][rev_slider_vc alias=\u00bbfooter-4&#8243;][\/vc_column][\/vc_row]<\/p>\n","protected":false},"excerpt":{"rendered":"<p>[vc_row bg_type=\u00bbimage\u00bb parallax_style=\u00bbvcpb-default\u00bb bg_image_new=\u00bbid^1731|url^http:\/\/ceipelcrist.org\/wp-content\/uploads\/2018\/10\/fonfo-bubble-linea-3.png|caption^null|alt^null|title^fonfo-bubble-linea-3|description^null\u00bb bg_image_repeat=\u00bbno-repeat\u00bb bg_override=\u00bbfull\u00bb css=\u00bb.vc_custom_1539695049043{background-image: url(https:\/\/intimind.es\/wp-content\/uploads\/2018\/10\/fonfo-bubble-linea-2-1024&#215;539.jpg?id=2140) !important;}\u00bb][vc_column][vc_empty_space height=\u00bb52px\u00bb][vc_custom_heading text=\u00bbPrensa\u00bb font_container=\u00bbtag:h2|font_size:60|text_align:center|color:%23465760&#8243; use_theme_fonts=\u00bbyes\u00bb][vc_single_image image=\u00bb2147&#8243; img_size=\u00bbfull\u00bb alignment=\u00bbcenter\u00bb][vc_empty_space][vc_btn title=\u00bbDESCARGA LA APP\u00bb style=\u00bbflat\u00bb color=\u00bbwarning\u00bb size=\u00bblg\u00bb align=\u00bbcenter\u00bb link=\u00bburl:http%3A%2F%2Fonelink.to%2F5s2ngs||target:%20_blank|\u00bb el_class=\u00bbroboto\u00bb][vc_empty_space height=\u00bb52px\u00bb][\/vc_column][\/vc_row][vc_row bg_type=\u00bbbg_color\u00bb bg_override=\u00bbfull\u00bb bg_color_value=\u00bb#78909c\u00bb css=\u00bb.vc_custom_1539812277375{padding-top: 100px !important;padding-bottom: 100px !important;background-color: #ef8036 !important;}\u00bb][vc_column width=\u00bb1\/6&#8243;][\/vc_column][vc_column width=\u00bb2\/3&#8243;][vc_custom_heading text=\u00bbKit de prensa descargable\u00bb font_container=\u00bbtag:h1|font_size:50|text_align:center|color:%23ffffff|line_height:2&#8243; use_theme_fonts=\u00bbyes\u00bb css=\u00bb.vc_custom_1539811898375{margin-top: 0px !important;}\u00bb][vc_single_image image=\u00bb2224&#8243; img_size=\u00bbfull\u00bb alignment=\u00bbcenter\u00bb][vc_empty_space][vc_btn title=\u00bbDESCARGA EL KIT DE PRENSA\u00bb [&hellip;]<\/p>\n","protected":false},"author":2,"featured_media":0,"parent":0,"menu_order":0,"comment_status":"closed","ping_status":"closed","template":"","meta":[],"_links":{"self":[{"href":"https:\/\/intimind.es\/home\/wp-json\/wp\/v2\/pages\/2221"}],"collection":[{"href":"https:\/\/intimind.es\/home\/wp-json\/wp\/v2\/pages"}],"about":[{"href":"https:\/\/intimind.es\/home\/wp-json\/wp\/v2\/types\/page"}],"author":[{"embeddable":true,"href":"https:\/\/intimind.es\/home\/wp-json\/wp\/v2\/users\/2"}],"replies":[{"embeddable":true,"href":"https:\/\/intimind.es\/home\/wp-json\/wp\/v2\/comments?post=2221"}],"version-history":[{"count":61,"href":"https:\/\/intimind.es\/home\/wp-json\/wp\/v2\/pages\/2221\/revisions"}],"predecessor-version":[{"id":2615,"href":"https:\/\/intimind.es\/home\/wp-json\/wp\/v2\/pages\/2221\/revisions\/2615"}],"wp:attachment":[{"href":"https:\/\/intimind.es\/home\/wp-json\/wp\/v2\/media?parent=2221"}],"curies":[{"name":"wp","href":"https:\/\/api.w.org\/{rel}","templated":true}]}}