{"id":2173,"date":"2018-10-17T15:39:28","date_gmt":"2018-10-17T13:39:28","guid":{"rendered":"https:\/\/intimind.es\/?page_id=2173"},"modified":"2020-12-22T19:24:31","modified_gmt":"2020-12-22T18:24:31","slug":"escuelas-mindfulness-intimind","status":"publish","type":"page","link":"https:\/\/intimind.es\/home\/escuelas-mindfulness-intimind\/","title":{"rendered":"Escuelas intimind"},"content":{"rendered":"<p>[vc_row bg_type=\u00bbimage\u00bb parallax_style=\u00bbvcpb-default\u00bb bg_image_new=\u00bbid^1731|url^http:\/\/ceipelcrist.org\/wp-content\/uploads\/2018\/10\/fonfo-bubble-linea-3.png|caption^null|alt^null|title^fonfo-bubble-linea-3|description^null\u00bb bg_image_repeat=\u00bbno-repeat\u00bb bg_override=\u00bbfull\u00bb css=\u00bb.vc_custom_1539979068644{padding-bottom: 50px !important;background-image: url(https:\/\/intimind.es\/wp-content\/uploads\/2018\/10\/fonfo-bubble-3-lineas-1024&#215;539.png?id=2289) !important;}\u00bb][vc_column width=\u00bb1\/6&#8243;][\/vc_column][vc_column width=\u00bb2\/3&#8243;][vc_empty_space height=\u00bb52px\u00bb][vc_custom_heading text=\u00bbEscuelas\u00bb font_container=\u00bbtag:h2|font_size:60|text_align:center|color:%23465760&#8243; use_theme_fonts=\u00bbyes\u00bb][vc_single_image image=\u00bb2147&#8243; img_size=\u00bbfull\u00bb alignment=\u00bbcenter\u00bb][vc_empty_space][vc_custom_heading text=\u00bbLas \u00abEscuelas intimind\u00ab<br \/>\ndisponen de la App sin coste alguno durante 3 meses\u00bb font_container=\u00bbtag:h2|font_size:40|text_align:center|color:%23465760|line_height:1%2C5&#8243; use_theme_fonts=\u00bbyes\u00bb css=\u00bb.vc_custom_1539979125310{border-top-width: 5px !important;border-right-width: 5px !important;border-bottom-width: 5px !important;border-left-width: 5px !important;padding-top: 20px !important;padding-right: 20px !important;padding-bottom: 20px !important;padding-left: 20px !important;border-left-color: #f9b53b !important;border-left-style: double !important;border-right-color: #f9b53b !important;border-right-style: double !important;border-top-color: #f9b53b !important;border-top-style: double !important;border-bottom-color: #f9b53b !important;border-bottom-style: double !important;border-radius: 5px !important;}\u00bb][vc_empty_space height=\u00bb52px\u00bb][vc_btn title=\u00bbDESCARGA LA APP\u00bb style=\u00bbflat\u00bb color=\u00bbwarning\u00bb size=\u00bblg\u00bb align=\u00bbcenter\u00bb link=\u00bburl:http%3A%2F%2Fonelink.to%2F5s2ngs||target:%20_blank|\u00bb el_class=\u00bbroboto\u00bb][\/vc_column][vc_column width=\u00bb1\/6&#8243;][\/vc_column][\/vc_row][vc_row bg_type=\u00bbbg_color\u00bb bg_override=\u00bbfull\u00bb bg_color_value=\u00bb#78909c\u00bb css=\u00bb.vc_custom_1539981297056{padding-top: 100px !important;padding-bottom: 100px !important;background-color: #ef8036 !important;}\u00bb][vc_column][vc_custom_heading text=\u00bb\u00bfTe imaginas empezar tu clase<br \/>\ncon tus peques atentos y relajados?\u00bb font_container=\u00bbtag:h2|font_size:50|text_align:center|color:%23ffffff|line_height:1%2C5&#8243; use_theme_fonts=\u00bbyes\u00bb css=\u00bb.vc_custom_1539979184171{margin-top: 0px !important;}\u00bb][\/vc_column][vc_column width=\u00bb1\/3&#8243; css=\u00bb.vc_custom_1540121424018{padding-top: 80px !important;padding-left: 200px !important;}\u00bb][vc_custom_heading text=\u00bbT\u00fa puedes analizar el efecto sobre la atenci\u00f3n y las emociones que el Mindfulness genera en ni\u00f1os y ni\u00f1as.\u00bb font_container=\u00bbtag:h2|font_size:30|text_align:justify|color:%23ffffff|line_height:1%2C5&#8243; google_fonts=\u00bbfont_family:Roboto%3A100%2C100italic%2C300%2C300italic%2Cregular%2Citalic%2C500%2C500italic%2C700%2C700italic%2C900%2C900italic|font_style:500%20bold%20regular%3A500%3Anormal\u00bb][\/vc_column][vc_column width=\u00bb1\/3&#8243; css=\u00bb.vc_custom_1539782379759{padding-right: -200px !important;padding-left: -200px !important;}\u00bb][vc_single_image image=\u00bb2185&#8243; img_size=\u00bbfull\u00bb alignment=\u00bbcenter\u00bb][\/vc_column][vc_column width=\u00bb1\/3&#8243; css=\u00bb.vc_custom_1540121432546{padding-top: 100px !important;padding-right: 200px !important;}\u00bb][vc_custom_heading text=\u00bbY el efecto que el mindfulness genera sobre ti.\u00bb font_container=\u00bbtag:h2|font_size:30|text_align:center|color:%23ffffff|line_height:1%2C5&#8243; google_fonts=\u00bbfont_family:Roboto%3A100%2C100italic%2C300%2C300italic%2Cregular%2Citalic%2C500%2C500italic%2C700%2C700italic%2C900%2C900italic|font_style:500%20bold%20regular%3A500%3Anormal\u00bb][\/vc_column][\/vc_row][vc_row bg_type=\u00bbgrad\u00bb bg_override=\u00bbfull\u00bb bg_grad=\u00bbbackground: -webkit-gradient(linear, left top, left bottom, color-stop(0%, #78909C), color-stop(100%, #CCD9E0));background: -moz-linear-gradient(top,#78909C 0%,#CCD9E0 100%);background: -webkit-linear-gradient(top,#78909C 0%,#CCD9E0 100%);background: -o-linear-gradient(top,#78909C 0%,#CCD9E0 100%);background: -ms-linear-gradient(top,#78909C 0%,#CCD9E0 100%);background: linear-gradient(top,#78909C 0%,#CCD9E0 100%);\u00bb css=\u00bb.vc_custom_1539979596772{padding-top: 100px !important;padding-bottom: 100px !important;background-color: #f9b53b !important;}\u00bb][vc_column width=\u00bb1\/2&#8243; css=\u00bb.vc_custom_1539979604338{padding-left: 200px !important;}\u00bb][vc_empty_space][vc_single_image image=\u00bb2899&#8243; img_size=\u00bb200&#215;300&#8243; alignment=\u00bbcenter\u00bb][\/vc_column][vc_column width=\u00bb1\/2&#8243; css=\u00bb.vc_custom_1539979710903{padding-top: 100px !important;padding-right: 200px !important;}\u00bb][vc_column_text css_animation=\u00bbbottom-to-top\u00bb el_class=\u00bbroboto\u00bb]<\/p>\n<p style=\"text-align: justify;\"><span style=\"font-size: 18pt; color: #465760;\"> Hoy en d\u00eda los ni\u00f1os y ni\u00f1as se enfrentan a <strong>desaf\u00edos nunca antes conocidos<\/strong>, mayores presiones, m\u00e1s <strong>estr\u00e9s<\/strong> y ansiedad que nunca. A esta mayor exigencia se le a\u00f1ade un <strong>entorno<\/strong> plagado de <strong>est\u00edmulos<\/strong> donde la atenci\u00f3n plena y constante es muy dif\u00edcil de mantener.\u00a0<\/span><\/p>\n<p>[\/vc_column_text][\/vc_column][\/vc_row][vc_row bg_type=\u00bbgrad\u00bb bg_override=\u00bbfull\u00bb bg_grad=\u00bbbackground: -webkit-gradient(linear, left top, left bottom, color-stop(0%, #78909C), color-stop(100%, #CCD9E0));background: -moz-linear-gradient(top,#78909C 0%,#CCD9E0 100%);background: -webkit-linear-gradient(top,#78909C 0%,#CCD9E0 100%);background: -o-linear-gradient(top,#78909C 0%,#CCD9E0 100%);background: -ms-linear-gradient(top,#78909C 0%,#CCD9E0 100%);background: linear-gradient(top,#78909C 0%,#CCD9E0 100%);\u00bb css=\u00bb.vc_custom_1539980683762{padding-top: 50px !important;padding-bottom: 50px !important;background-color: #fceace !important;}\u00bb][vc_column width=\u00bb1\/2&#8243; css=\u00bb.vc_custom_1540121300107{padding-left: 200px !important;}\u00bb][vc_column_text css_animation=\u00bbbottom-to-top\u00bb el_class=\u00bbroboto\u00bb css=\u00bb.vc_custom_1539980709219{padding-top: 50px !important;}\u00bb]<\/p>\n<p style=\"text-align: justify;\"><span style=\"font-size: 18pt; color: #465760;\">Estudios cient\u00edficos han demostrado los enormes <strong>beneficios<\/strong> de ense\u00f1ar la <strong>atenci\u00f3n plena<\/strong> a los ni\u00f1os y ni\u00f1as. A trav\u00e9s de la meditaci\u00f3n los peque\u00f1os pueden desarrollar mayor <strong>conciencia<\/strong> de s\u00ed mismos, mayor <strong>concentraci\u00f3n<\/strong>, <strong>paciencia<\/strong> y <strong>resiliencia<\/strong>.\u00a0<\/span><\/p>\n<p>[\/vc_column_text][\/vc_column][vc_column width=\u00bb1\/2&#8243; css=\u00bb.vc_custom_1540121266321{padding-right: 200px !important;}\u00bb][vc_single_image image=\u00bb2182&#8243; img_size=\u00bbfull\u00bb alignment=\u00bbcenter\u00bb][\/vc_column][\/vc_row][vc_row bg_type=\u00bbgrad\u00bb bg_override=\u00bbfull\u00bb bg_grad=\u00bbbackground: -webkit-gradient(linear, left top, left bottom, color-stop(0%, #78909C), color-stop(100%, #CCD9E0));background: -moz-linear-gradient(top,#78909C 0%,#CCD9E0 100%);background: -webkit-linear-gradient(top,#78909C 0%,#CCD9E0 100%);background: -o-linear-gradient(top,#78909C 0%,#CCD9E0 100%);background: -ms-linear-gradient(top,#78909C 0%,#CCD9E0 100%);background: linear-gradient(top,#78909C 0%,#CCD9E0 100%);\u00bb css=\u00bb.vc_custom_1539980233961{padding-top: 100px !important;padding-bottom: 10px !important;background-color: #fbf7ec !important;}\u00bb][vc_column width=\u00bb1\/2&#8243;][vc_single_image image=\u00bb2213&#8243; img_size=\u00bbfull\u00bb alignment=\u00bbcenter\u00bb][\/vc_column][vc_column width=\u00bb1\/2&#8243; css=\u00bb.vc_custom_1539980145347{padding-right: 200px !important;}\u00bb][vc_column_text css_animation=\u00bbbottom-to-top\u00bb el_class=\u00bbroboto\u00bb]<\/p>\n<div class=\"wpb_wrapper wpex-vc-column-wrapper wpex-clr \">\n<div>\n<p style=\"text-align: justify;\">\n<\/div>\n<p style=\"text-align: justify;\"><span style=\"font-size: 20pt; color: #465760;\"><strong>La App intimind ha desarrollado el programa mindful \u00abPequeplaneta\u00bb,\u00a0 para ni\u00f1os entre 5 y 10 a\u00f1os.<\/strong><\/span><\/p>\n<\/div>\n<p>[\/vc_column_text][vc_column_text css_animation=\u00bbbottom-to-top\u00bb el_class=\u00bbroboto\u00bb]<\/p>\n<p style=\"text-align: justify;\"><span style=\"font-size: 18pt; color: #465760;\">Diferentes animales animados en <strong>v\u00eddeo<\/strong> introducen las breves meditaciones. A continuaci\u00f3n escuchamos las meditaciones de <strong>audio<\/strong>, donde reflexionamos sobre <strong>qu\u00e9 podemos hacer para sentirnos mejor.\u00a0<\/strong><\/span><\/p>\n<p>[\/vc_column_text][\/vc_column][\/vc_row][vc_row bg_type=\u00bbgrad\u00bb bg_override=\u00bbfull\u00bb bg_grad=\u00bbbackground: -webkit-gradient(linear, left top, left bottom, color-stop(0%, #FFFFFF), color-stop(100%, #E6F0F1));background: -moz-linear-gradient(top,#FFFFFF 0%,#E6F0F1 100%);background: -webkit-linear-gradient(top,#FFFFFF 0%,#E6F0F1 100%);background: -o-linear-gradient(top,#FFFFFF 0%,#E6F0F1 100%);background: -ms-linear-gradient(top,#FFFFFF 0%,#E6F0F1 100%);background: linear-gradient(top,#FFFFFF 0%,#E6F0F1 100%);\u00bb css=\u00bb.vc_custom_1539808074612{padding-bottom: 100px !important;background-color: #fbf7ec !important;}\u00bb][vc_column width=\u00bb1\/6&#8243;][\/vc_column][vc_column width=\u00bb2\/3&#8243;][vc_custom_heading text=\u00bbLa App intimind te puede ayudar a centrar a tus alumnos y alumnas a trav\u00e9s del entrenamiento de la atenci\u00f3n plena.\u00bb font_container=\u00bbtag:h2|font_size:30|text_align:center|color:%23465760|line_height:1%2C5&#8243; google_fonts=\u00bbfont_family:Roboto%3A100%2C100italic%2C300%2C300italic%2Cregular%2Citalic%2C500%2C500italic%2C700%2C700italic%2C900%2C900italic|font_style:500%20bold%20regular%3A500%3Anormal\u00bb css=\u00bb.vc_custom_1539792204556{margin-top: 0px !important;}\u00bb][vc_empty_space][vc_btn title=\u00bbDESCARGA LA APP\u00bb style=\u00bbflat\u00bb color=\u00bbwarning\u00bb size=\u00bblg\u00bb align=\u00bbcenter\u00bb link=\u00bburl:http%3A%2F%2Fonelink.to%2F5s2ngs||target:%20_blank|\u00bb el_class=\u00bbroboto\u00bb][\/vc_column][vc_column width=\u00bb1\/6&#8243;][\/vc_column][\/vc_row][vc_row css=\u00bb.vc_custom_1539776347563{margin-bottom: -100px !important;}\u00bb][vc_column][rev_slider_vc alias=\u00bbvideo-pequeplaneta\u00bb][\/vc_column][\/vc_row][vc_row bg_type=\u00bbgrad\u00bb bg_override=\u00bbfull\u00bb bg_grad=\u00bbbackground: -webkit-gradient(linear, left top, left bottom, color-stop(0%, #EF8036), color-stop(47%, #F9B63B), color-stop(100%, #FFFFFF));background: -moz-linear-gradient(top,#EF8036 0%,#F9B63B 47%,#FFFFFF 100%);background: -webkit-linear-gradient(top,#EF8036 0%,#F9B63B 47%,#FFFFFF 100%);background: -o-linear-gradient(top,#EF8036 0%,#F9B63B 47%,#FFFFFF 100%);background: -ms-linear-gradient(top,#EF8036 0%,#F9B63B 47%,#FFFFFF 100%);background: linear-gradient(top,#EF8036 0%,#F9B63B 47%,#FFFFFF 100%);\u00bb css=\u00bb.vc_custom_1541290469073{margin-top: -50px !important;}\u00bb][vc_column width=\u00bb1\/6&#8243; css=\u00bb.vc_custom_1540121332136{padding-left: 100px !important;}\u00bb][vc_empty_space height=\u00bb52px\u00bb][vc_single_image image=\u00bb2216&#8243; img_size=\u00bbfull\u00bb alignment=\u00bbcenter\u00bb][\/vc_column][vc_column width=\u00bb2\/3&#8243;][vc_empty_space][vc_custom_heading text=\u00bb\u00bfQuieres ser una \u00abEscuela intimind\u00ab ?<br \/>\nPrueba gratis la App durante 3 meses\u00bb font_container=\u00bbtag:h2|font_size:40|text_align:center|color:%23465760|line_height:1%2C5&#8243; use_theme_fonts=\u00bbyes\u00bb css=\u00bb.vc_custom_1539811420223{margin-top: 0px !important;}\u00bb][vc_empty_space][vc_row_inner][vc_column_inner width=\u00bb1\/6&#8243;][\/vc_column_inner][vc_column_inner width=\u00bb2\/3&#8243;][vc_column_text css_animation=\u00bbbottom-to-top\u00bb el_class=\u00bbroboto\u00bb]<\/p>\n<p style=\"text-align: justify; font-size: 20pt; color: #ffffff;\"><span style=\"color: #465760;\">Te ofrecemos intimind durante 3 meses para que la utilices <strong>en tu escuela<\/strong>\u00a0y observes los <strong>beneficios<\/strong> directos de la meditaci\u00f3n para ti, y tus alumnos y alumnas. La idea que nos mueve es conseguir que utilices esta\u00a0<strong>herramienta de atenci\u00f3n plena<\/strong> para que puedas\u00a0<strong>entrenar<\/strong>\u00a0esta nueva habilidad con tus peques.<\/span><\/p>\n<p>[\/vc_column_text][vc_empty_space height=\u00bb62px\u00bb][vc_btn title=\u00bbDESCARGA LA APP\u00bb style=\u00bbflat\u00bb color=\u00bbwarning\u00bb size=\u00bblg\u00bb align=\u00bbcenter\u00bb link=\u00bburl:http%3A%2F%2Fonelink.to%2F5s2ngs||target:%20_blank|\u00bb el_class=\u00bbroboto\u00bb][vc_empty_space height=\u00bb62px\u00bb][\/vc_column_inner][vc_column_inner width=\u00bb1\/6&#8243;][\/vc_column_inner][\/vc_row_inner][\/vc_column][vc_column width=\u00bb1\/6&#8243; css=\u00bb.vc_custom_1540121340844{padding-right: 100px !important;}\u00bb][vc_empty_space height=\u00bb52px\u00bb][vc_single_image image=\u00bb2217&#8243; img_size=\u00bbfull\u00bb alignment=\u00bbcenter\u00bb][\/vc_column][\/vc_row][vc_row bg_type=\u00bbimage\u00bb parallax_style=\u00bbvcpb-default\u00bb bg_image_new=\u00bbid^1930|url^http:\/\/ceipelcrist.org\/wp-content\/uploads\/2018\/10\/footer-oficina-3-1.jpg|caption^null|alt^null|title^footer-oficina-3|description^null\u00bb bg_image_repeat=\u00bbno-repeat\u00bb bg_override=\u00bbfull\u00bb css=\u00bb.vc_custom_1539809787735{padding-top: 50px !important;padding-bottom: 50px !important;background-color: #f9b53a !important;}\u00bb][vc_column width=\u00bb1\/4&#8243; css=\u00bb.vc_custom_1538689256410{margin-top: 0px !important;}\u00bb][\/vc_column][vc_column width=\u00bb1\/2&#8243;][vc_custom_heading text=\u00bbEscribe tu mail oficial y el nombre de tu escuela<br \/>\ny nos pondremos en contacto contigo para confirmar la entrega\u00bb font_container=\u00bbtag:h2|font_size:30|text_align:center|color:%23ffffff|line_height:1%2C5&#8243; google_fonts=\u00bbfont_family:Roboto%3A100%2C100italic%2C300%2C300italic%2Cregular%2Citalic%2C500%2C500italic%2C700%2C700italic%2C900%2C900italic|font_style:500%20bold%20regular%3A500%3Anormal\u00bb css=\u00bb.vc_custom_1541290659691{margin-top: 0px !important;}\u00bb][vc_empty_space][vc_column_text]<\/p>\n<form id=\"solicita_informacion\"><div id=\"mensaje_solicitud\"><\/div><input name=\"nombre\" type=\"text\" placeholder=\"Nombre\"><input name=\"email\" type=\"text\" placeholder=\"Email\"><textarea name=\"consulta\" placeholder=\"Consulta\"><\/textarea><input type=\"checkbox\" name=\"acepto\"> He le\u00eddo y acepto la <a href=\"https:\/\/intimind.es\/home\/politica-de-privacidad\/\" target=\"_blank\">pol\u00edtica de privacidad<\/a>.<br><input type=\"checkbox\" name=\"aceptos\"> Doy mi consentimiento a intimind para el env\u00edo de su newsletter, novedades comerciales y\/o nuevas promociones de sus servicios.<p id=\"boton_enviar\"><input type=\"submit\" value=\"Enviar\"><\/p><\/form>\n<p>&nbsp;<\/p>\n<p>&nbsp;<\/p>\n<section class=\"texto_legal_escuelas\"><strong>CONSENTIMIENTO PARA EL TRATAMIENTO DE DATOS PERSONALES<\/strong><\/p>\n<p><strong>Creaconcepto Consultora Audiovisual S.L.<\/strong> es el Responsable del tratamiento de los datos personales del usuario y le informa de que estos datos se tratar\u00e1n de conformidad con lo dispuesto en el Reglamento (UE) 2016\/679, de 27 de abril (GDPR), y la Ley Org\u00e1nica 3\/2018, de 5 de diciembre (LOPDGDD), por lo que se le facilita la siguiente informaci\u00f3n del tratamiento:<\/p>\n<p><strong>Fines y legitimaci\u00f3n del tratamiento: .<\/strong>mantener una relaci\u00f3n comercial (por inter\u00e9s leg\u00edtimo del responsable, art. 6.1.f GDPR) y el env\u00edo de comunicaciones de productos o servicios (por consentimiento del interesado, art. 6.1.a GDPR).<\/p>\n<p><strong>Criterios de conservaci\u00f3n de los datos: .<\/strong>se conservar\u00e1n durante no m\u00e1s tiempo del necesario para mantener el fin del tratamiento o mientras existan prescripciones legales que dictaminen su custodia y cuando ya no sea necesario para ello, se suprimir\u00e1n con medidas de seguridad adecuadas para garantizar la anonimizaci\u00f3n de los datos o la destrucci\u00f3n total de los mismos.<\/p>\n<p><strong>Comunicaci\u00f3n de los datos:.<\/strong> no se comunicar\u00e1n los datos a terceros, salvo obligaci\u00f3n legal.<\/p>\n<p><strong>Derechos que asisten al usuario:.<\/strong> derecho a retirar el consentimiento en cualquier momento. Derecho de acceso, rectificaci\u00f3n, portabilidad y supresi\u00f3n de sus datos, y de limitaci\u00f3n u oposici\u00f3n a su tratamiento. Derecho a presentar una reclamaci\u00f3n ante la Autoridad de control (www.aepd.es) si considera que el tratamiento no se ajusta a la normativa vigente.<\/p>\n<p><strong>Datos de contacto para ejercer sus derechos:.<\/strong> contacto@creaconcepto.es<\/p>\n<\/section>\n<p>[\/vc_column_text][\/vc_column][vc_column width=\u00bb1\/4&#8243;][\/vc_column][\/vc_row][vc_row content_placement=\u00bbbottom\u00bb bg_type=\u00bbgrad\u00bb bg_override=\u00bbfull\u00bb bg_grad=\u00bbbackground: -webkit-gradient(linear, left top, left bottom, color-stop(0%, #78909C), color-stop(100%, #CCD9E0));background: -moz-linear-gradient(top,#78909C 0%,#CCD9E0 100%);background: -webkit-linear-gradient(top,#78909C 0%,#CCD9E0 100%);background: -o-linear-gradient(top,#78909C 0%,#CCD9E0 100%);background: -ms-linear-gradient(top,#78909C 0%,#CCD9E0 100%);background: linear-gradient(top,#78909C 0%,#CCD9E0 100%);\u00bb css=\u00bb.vc_custom_1539805248395{background-color: #ffffff !important;}\u00bb][vc_column width=\u00bb1\/6&#8243; css=\u00bb.vc_custom_1539683940315{margin-left: 100px !important;}\u00bb][\/vc_column][vc_column width=\u00bb2\/3&#8243;][vc_empty_space][vc_custom_heading text=\u00bbInvestigaciones del uso del Mindfulness en Educaci\u00f3n\u00bb font_container=\u00bbtag:h2|font_size:50|text_align:center|color:%23465760|line_height:2&#8243; use_theme_fonts=\u00bbyes\u00bb css=\u00bb.vc_custom_1539980843270{margin-top: 0px !important;}\u00bb][vc_empty_space][vc_column_text el_class=\u00bbroboto\u00bb css=\u00bb.vc_custom_1539966573441{padding-top: 40px !important;padding-right: 40px !important;padding-bottom: 40px !important;padding-left: 40px !important;background-color: rgba(225,229,230,0.27) !important;*background-color: rgb(225,229,230) !important;}\u00bb]<\/p>\n<p style=\"text-align: justify;\"><span style=\"font-size: 14pt; color: #465760;\">Hoy en d\u00eda, la pr\u00e1ctica mindfulness est\u00e1 siendo promovida por psic\u00f3logos, m\u00e9dicos y educadores en diversos contextos profesionales en diferentes pa\u00edses. Sus beneficios est\u00e1n siendo confirmados por numerosas investigaciones (Davidson y Begley; 2012; Kabat-Zinn, 1990, 2005; Lavilla, Molina y L\u00f3pez, 2008; Lyubomirsky, 2008; ).<\/span><\/p>\n<p style=\"text-align: justify;\"><span style=\"font-size: 14pt; color: #465760;\">De todo ello se deduce que \u201cla pr\u00e1ctica de la atenci\u00f3n plena puede producir numerosos efectos sumamente beneficiosos, entre los que destacan:<\/span><\/p>\n<ul>\n<li style=\"text-align: justify;\"><span style=\"font-size: 14pt; color: #465760;\">Aumentar la concentraci\u00f3n.<\/span><\/li>\n<li style=\"text-align: justify;\"><span style=\"font-size: 14pt; color: #465760;\">Reducir automatismos.<\/span><\/li>\n<li style=\"text-align: justify;\"><span style=\"font-size: 14pt; color: #465760;\">Lograr un mejor control de pensamientos, emociones y conductas.<\/span><\/li>\n<li style=\"text-align: justify;\"><span style=\"font-size: 14pt; color: #465760;\">Disfrutar m\u00e1s del momento presente.<\/span><\/li>\n<li style=\"text-align: justify;\"><span style=\"font-size: 14pt; color: #465760;\">Efectos f\u00edsicos saludables: relajaci\u00f3n, mejora de la respiraci\u00f3n, regulaci\u00f3n de la presi\u00f3n arterial, potenciaci\u00f3n del sistema inmunitario&#8230;<\/span><\/li>\n<li style=\"text-align: justify;\"><span style=\"font-size: 14pt; color: #465760;\">Cambios positivos a nivel neurobiol\u00f3gico\u201d (Equipo SATI 2012, p. 37)<\/span><\/li>\n<\/ul>\n<p style=\"text-align: justify;\"><span style=\"font-size: 14pt; color: #465760;\">La aplicaci\u00f3n del mindfulness en el contexto escolar se est\u00e1 incrementando y es cada vez m\u00e1s reconocida gracias a los avances en psicolog\u00eda y el apoyo cient\u00edfico a la pr\u00e1ctica de la atenci\u00f3n plena. Argu\u00eds (2014) argumenta la importancia de la atenci\u00f3n plena en el \u00e1mbito educativo. Seg\u00fan el autor, \u201cel mindfulness ayuda a:<\/span><\/p>\n<ul>\n<li style=\"text-align: justify;\"><span style=\"font-size: 14pt; color: #465760;\">Contrarrestar el estr\u00e9s diario, para vivir las experiencias de un modo m\u00e1s atento y consciente.<\/span><\/li>\n<li style=\"text-align: justify;\"><span style=\"font-size: 14pt; color: #465760;\">Asimilar las informaciones que recibimos de forma m\u00e1s serena y relajada, para aprender mejor y evitar la \u201cinfoxicaci\u00f3n\u201d.<\/span><\/li>\n<li style=\"text-align: justify;\"><span style=\"font-size: 14pt; color: #465760;\">Aportar elementos para el desarrollo personal y social y la promoci\u00f3n del bienestar en las escuelas, que complementen los aprendizajes acad\u00e9micos tradicionales\u201d (p. 131).<\/span><\/li>\n<\/ul>\n<p>[\/vc_column_text][\/vc_column][vc_column width=\u00bb1\/6&#8243;][\/vc_column][\/vc_row][vc_row css=\u00bb.vc_custom_1539810089107{background-image: url(https:\/\/intimind.es\/wp-content\/uploads\/2018\/10\/footer-pequelaneta-blanco-1300.png?id=2218) !important;background-position: center !important;background-repeat: no-repeat !important;background-size: cover !important;}\u00bb][vc_column][vc_row_inner][vc_column_inner width=\u00bb1\/4&#8243;][\/vc_column_inner][vc_column_inner width=\u00bb1\/2&#8243;][vc_btn title=\u00bbDESCARGA LA APP\u00bb style=\u00bbflat\u00bb color=\u00bbwarning\u00bb size=\u00bblg\u00bb align=\u00bbcenter\u00bb link=\u00bburl:http%3A%2F%2Fonelink.to%2F5s2ngs||target:%20_blank|\u00bb el_class=\u00bbroboto\u00bb][\/vc_column_inner][vc_column_inner width=\u00bb1\/4&#8243;][\/vc_column_inner][\/vc_row_inner][\/vc_column][\/vc_row][vc_row css=\u00bb.vc_custom_1541290581867{margin-bottom: -50px !important;}\u00bb][vc_column][rev_slider_vc alias=\u00bbportal-sanitario\u00bb][rev_slider_vc alias=\u00bbfooter-4&#8243;][\/vc_column][\/vc_row]<\/p>\n","protected":false},"excerpt":{"rendered":"<p>[vc_row bg_type=\u00bbimage\u00bb parallax_style=\u00bbvcpb-default\u00bb bg_image_new=\u00bbid^1731|url^http:\/\/ceipelcrist.org\/wp-content\/uploads\/2018\/10\/fonfo-bubble-linea-3.png|caption^null|alt^null|title^fonfo-bubble-linea-3|description^null\u00bb bg_image_repeat=\u00bbno-repeat\u00bb bg_override=\u00bbfull\u00bb css=\u00bb.vc_custom_1539979068644{padding-bottom: 50px !important;background-image: url(https:\/\/intimind.es\/wp-content\/uploads\/2018\/10\/fonfo-bubble-3-lineas-1024&#215;539.png?id=2289) !important;}\u00bb][vc_column width=\u00bb1\/6&#8243;][\/vc_column][vc_column width=\u00bb2\/3&#8243;][vc_empty_space height=\u00bb52px\u00bb][vc_custom_heading text=\u00bbEscuelas\u00bb font_container=\u00bbtag:h2|font_size:60|text_align:center|color:%23465760&#8243; use_theme_fonts=\u00bbyes\u00bb][vc_single_image image=\u00bb2147&#8243; img_size=\u00bbfull\u00bb alignment=\u00bbcenter\u00bb][vc_empty_space][vc_custom_heading text=\u00bbLas \u00abEscuelas intimind\u00ab disponen de la App sin coste alguno durante 3 meses\u00bb font_container=\u00bbtag:h2|font_size:40|text_align:center|color:%23465760|line_height:1%2C5&#8243; use_theme_fonts=\u00bbyes\u00bb css=\u00bb.vc_custom_1539979125310{border-top-width: 5px !important;border-right-width: 5px !important;border-bottom-width: 5px !important;border-left-width: 5px !important;padding-top: 20px !important;padding-right: 20px !important;padding-bottom: 20px !important;padding-left: 20px !important;border-left-color: #f9b53b !important;border-left-style: double [&hellip;]<\/p>\n","protected":false},"author":2,"featured_media":0,"parent":0,"menu_order":0,"comment_status":"closed","ping_status":"closed","template":"","meta":[],"_links":{"self":[{"href":"https:\/\/intimind.es\/home\/wp-json\/wp\/v2\/pages\/2173"}],"collection":[{"href":"https:\/\/intimind.es\/home\/wp-json\/wp\/v2\/pages"}],"about":[{"href":"https:\/\/intimind.es\/home\/wp-json\/wp\/v2\/types\/page"}],"author":[{"embeddable":true,"href":"https:\/\/intimind.es\/home\/wp-json\/wp\/v2\/users\/2"}],"replies":[{"embeddable":true,"href":"https:\/\/intimind.es\/home\/wp-json\/wp\/v2\/comments?post=2173"}],"version-history":[{"count":55,"href":"https:\/\/intimind.es\/home\/wp-json\/wp\/v2\/pages\/2173\/revisions"}],"predecessor-version":[{"id":4312,"href":"https:\/\/intimind.es\/home\/wp-json\/wp\/v2\/pages\/2173\/revisions\/4312"}],"wp:attachment":[{"href":"https:\/\/intimind.es\/home\/wp-json\/wp\/v2\/media?parent=2173"}],"curies":[{"name":"wp","href":"https:\/\/api.w.org\/{rel}","templated":true}]}}